{"id":408,"date":"2021-09-29T15:20:06","date_gmt":"2021-09-29T13:20:06","guid":{"rendered":"https:\/\/lumix.prova.cat\/?page_id=408"},"modified":"2022-01-19T15:10:31","modified_gmt":"2022-01-19T14:10:31","slug":"inspiracion","status":"publish","type":"page","link":"https:\/\/blog.panasonic.es\/lumix\/inspiracion\/","title":{"rendered":"Inspiraci\u00f3n"},"content":{"rendered":"\t\t<div data-elementor-type=\"wp-page\" data-elementor-id=\"408\" class=\"elementor elementor-408\" data-elementor-post-type=\"page\">\n\t\t\t\t\t\t<section class=\"elementor-section elementor-top-section elementor-element elementor-element-4b6e769 elementor-section-height-min-height elementor-section-boxed elementor-section-height-default elementor-section-items-middle\" data-id=\"4b6e769\" data-element_type=\"section\" data-e-type=\"section\" data-settings=\"{&quot;background_background&quot;:&quot;classic&quot;}\">\n\t\t\t\t\t\t\t<div class=\"elementor-background-overlay\"><\/div>\n\t\t\t\t\t\t\t<div class=\"elementor-container elementor-column-gap-default\">\n\t\t\t\t\t<div class=\"elementor-column elementor-col-100 elementor-top-column elementor-element elementor-element-4740966\" data-id=\"4740966\" data-element_type=\"column\" data-e-type=\"column\">\n\t\t\t<div class=\"elementor-widget-wrap elementor-element-populated\">\n\t\t\t\t\t\t<div class=\"elementor-element elementor-element-682d6d9 cld__breadcrumbs elementor-widget elementor-widget-breadcrumbs\" data-id=\"682d6d9\" data-element_type=\"widget\" data-e-type=\"widget\" data-settings=\"{&quot;sticky&quot;:&quot;top&quot;,&quot;sticky_offset&quot;:100,&quot;sticky_effects_offset&quot;:100,&quot;sticky_on&quot;:[&quot;desktop&quot;,&quot;tablet_extra&quot;,&quot;tablet&quot;,&quot;mobile&quot;],&quot;sticky_anchor_link_offset&quot;:0}\" data-widget_type=\"breadcrumbs.default\">\n\t\t\t\t<div class=\"elementor-widget-container\">\n\t\t\t\t\t<p id=\"breadcrumbs\"><span><span><a href=\"https:\/\/blog.panasonic.es\/lumix\/\">Home<\/a><\/span><\/span><\/p>\t\t\t\t<\/div>\n\t\t\t\t<\/div>\n\t\t\t\t<div class=\"elementor-element elementor-element-146a69ab elementor-widget__width-initial elementor-cta--layout-image-left elementor-cta--skin-classic elementor-animated-content elementor-bg-transform elementor-bg-transform-zoom-in elementor-widget elementor-widget-call-to-action\" data-id=\"146a69ab\" data-element_type=\"widget\" data-e-type=\"widget\" data-widget_type=\"call-to-action.default\">\n\t\t\t\t<div class=\"elementor-widget-container\">\n\t\t\t\t\t\t\t<div class=\"elementor-cta\">\n\t\t\t\t\t\t\t<div class=\"elementor-cta__content\">\n\t\t\t\t\n\t\t\t\t\t\t\t\t\t<h2 class=\"elementor-cta__title elementor-cta__content-item elementor-content-item\">\n\t\t\t\t\t\tLlena tu creatividad de inspiraci\u00f3n\t\t\t\t\t<\/h2>\n\t\t\t\t\n\t\t\t\t\t\t\t\t\t<div class=\"elementor-cta__description elementor-cta__content-item elementor-content-item\">\n\t\t\t\t\t\tDescubre contenidos inspiradores\t\t\t\t\t<\/div>\n\t\t\t\t\n\t\t\t\t\t\t\t<\/div>\n\t\t\t\t\t\t<\/div>\n\t\t\t\t\t\t<\/div>\n\t\t\t\t<\/div>\n\t\t\t\t\t<\/div>\n\t\t<\/div>\n\t\t\t\t\t<\/div>\n\t\t<\/section>\n\t\t\t\t<section class=\"elementor-section elementor-top-section elementor-element elementor-element-5b5b1df2 elementor-section-boxed elementor-section-height-default elementor-section-height-default\" data-id=\"5b5b1df2\" data-element_type=\"section\" data-e-type=\"section\" data-settings=\"{&quot;background_background&quot;:&quot;classic&quot;}\">\n\t\t\t\t\t\t<div class=\"elementor-container elementor-column-gap-default\">\n\t\t\t\t\t<div class=\"elementor-column elementor-col-100 elementor-top-column elementor-element elementor-element-1007b5e6\" data-id=\"1007b5e6\" data-element_type=\"column\" data-e-type=\"column\">\n\t\t\t<div class=\"elementor-widget-wrap elementor-element-populated\">\n\t\t\t\t\t\t<div class=\"elementor-element elementor-element-498710b1 elementor-widget elementor-widget-heading\" data-id=\"498710b1\" data-element_type=\"widget\" data-e-type=\"widget\" data-widget_type=\"heading.default\">\n\t\t\t\t<div class=\"elementor-widget-container\">\n\t\t\t\t\t<h2 class=\"elementor-heading-title elementor-size-default\">Nuestros embajadores LUMIX<\/h2>\t\t\t\t<\/div>\n\t\t\t\t<\/div>\n\t\t\t\t\t<\/div>\n\t\t<\/div>\n\t\t\t\t\t<\/div>\n\t\t<\/section>\n\t\t\t\t<section class=\"elementor-section elementor-top-section elementor-element elementor-element-8bb676d elementor-section-boxed elementor-section-height-default elementor-section-height-default\" data-id=\"8bb676d\" data-element_type=\"section\" data-e-type=\"section\">\n\t\t\t\t\t\t\t<div class=\"elementor-background-overlay\"><\/div>\n\t\t\t\t\t\t\t<div class=\"elementor-container elementor-column-gap-default\">\n\t\t\t\t\t<div class=\"elementor-column elementor-col-100 elementor-top-column elementor-element elementor-element-1cdcc05 cld__ambassador-card\" data-id=\"1cdcc05\" data-element_type=\"column\" data-e-type=\"column\">\n\t\t\t<div class=\"elementor-widget-wrap elementor-element-populated\">\n\t\t\t\t\t\t<div class=\"elementor-element elementor-element-bdbcfe5 elementor-widget__width-auto elementor-widget elementor-widget-ambassador-card\" data-id=\"bdbcfe5\" data-element_type=\"widget\" data-e-type=\"widget\" data-widget_type=\"ambassador-card.default\">\n\t\t\t\t<div class=\"elementor-widget-container\">\n\t\t\t\t\t<article>\n    <a href=\"https:\/\/blog.panasonic.es\/lumix\/embajador\/pedro-alvera\/\">\n            <div class=\"cld__ambassador-card__image\">\n        <img fetchpriority=\"high\" decoding=\"async\"\n             src=\"https:\/\/blog.panasonic.es\/lumix\/wp-content\/uploads\/2021\/10\/pedro_alvera_perfil-300x300.jpg\"\n             alt=\"\"\n             width=\"300\"\n             height=\"300\"\n             \/>\n      <\/div>\n            <p class=\"cld__ambassador-card__job\">V\u00eddeo y fotograf\u00eda con esp\u00edritu divulgativo <\/p>\n      <h3 class=\"cld__ambassador-card__name\">Pedro Alvera<\/h3>\n      <p class=\"cld__ambassador-card__country\">Espa\u00f1a<\/p>\n      <p class=\"cld__ambassador-card__description\">Pedro Alvera combina su labor como realizador de v\u00eddeo y fot\u00f3grafo especializado en naturaleza y viajes con proyectos de formaci\u00f3n en el mismo \u00e1mbito. Su rol de embajador LUMIX le permite profundizar en ambas facetas.<\/p>\n      <div class=\"cld__ambassador-card__gallery\">\n                      <\/div>\n    <\/a>\n<\/article>\t\t\t\t<\/div>\n\t\t\t\t<\/div>\n\t\t\t\t<div class=\"elementor-element elementor-element-6b0ee18 elementor-widget__width-auto elementor-widget elementor-widget-ambassador-card\" data-id=\"6b0ee18\" data-element_type=\"widget\" data-e-type=\"widget\" data-widget_type=\"ambassador-card.default\">\n\t\t\t\t<div class=\"elementor-widget-container\">\n\t\t\t\t\t<article>\n    <a href=\"https:\/\/blog.panasonic.es\/lumix\/embajador\/borja-azurmendi\/\">\n            <div class=\"cld__ambassador-card__image\">\n        <img decoding=\"async\"\n             src=\"https:\/\/blog.panasonic.es\/lumix\/wp-content\/uploads\/2021\/11\/borja-1-300x300.jpg\"\n             alt=\"Borja Azurmendi - Lumix BGH1\"\n             width=\"300\"\n             height=\"300\"\n             \/>\n      <\/div>\n            <p class=\"cld__ambassador-card__job\">Acci\u00f3n en la nieve<\/p>\n      <h3 class=\"cld__ambassador-card__name\">Borja Azurmendi<\/h3>\n      <p class=\"cld__ambassador-card__country\">Espa\u00f1a<\/p>\n      <p class=\"cld__ambassador-card__description\">Borja Azurmendi es un filmmaker de deportes de acci\u00f3n, especializado en esqu\u00ed y snowboard. Apasionado de los deportes extremos, siempre est\u00e1 muy cerca de la acci\u00f3n y no perder detalle de los sujetos que filma con su LUMIX.<\/p>\n      <div class=\"cld__ambassador-card__gallery\">\n                      <\/div>\n    <\/a>\n<\/article>\t\t\t\t<\/div>\n\t\t\t\t<\/div>\n\t\t\t\t<div class=\"elementor-element elementor-element-5a83ae0 elementor-widget__width-auto elementor-widget elementor-widget-ambassador-card\" data-id=\"5a83ae0\" data-element_type=\"widget\" data-e-type=\"widget\" data-widget_type=\"ambassador-card.default\">\n\t\t\t\t<div class=\"elementor-widget-container\">\n\t\t\t\t\t<article>\n    <a href=\"https:\/\/blog.panasonic.es\/lumix\/embajador\/greg-a-sebastian\/\">\n            <div class=\"cld__ambassador-card__image\">\n        <img decoding=\"async\"\n             src=\"https:\/\/blog.panasonic.es\/lumix\/wp-content\/uploads\/2021\/11\/GREG-1-300x300.jpg\"\n             alt=\"\"\n             width=\"300\"\n             height=\"300\"\n             \/>\n      <\/div>\n            <p class=\"cld__ambassador-card__job\">Cultivando una mirada personal <\/p>\n      <h3 class=\"cld__ambassador-card__name\">Greg A. Sebastian<\/h3>\n      <p class=\"cld__ambassador-card__country\">Espa\u00f1a<\/p>\n      <p class=\"cld__ambassador-card__description\">Este reconocido realizador audiovisual de publicidad y videoclips ha firmado campa\u00f1as para marcas de prestigio internacional y artistas tan conocidos como Alejandro Sanz. Su mirada \u00fanica le llev\u00f3 a ser embajador de la Serie S.<\/p>\n      <div class=\"cld__ambassador-card__gallery\">\n                      <\/div>\n    <\/a>\n<\/article>\t\t\t\t<\/div>\n\t\t\t\t<\/div>\n\t\t\t\t\t<\/div>\n\t\t<\/div>\n\t\t\t\t\t<\/div>\n\t\t<\/section>\n\t\t\t\t<section class=\"elementor-section elementor-top-section elementor-element elementor-element-580a7754 elementor-section-boxed elementor-section-height-default elementor-section-height-default\" data-id=\"580a7754\" data-element_type=\"section\" data-e-type=\"section\" data-settings=\"{&quot;background_background&quot;:&quot;classic&quot;}\">\n\t\t\t\t\t\t<div class=\"elementor-container elementor-column-gap-default\">\n\t\t\t\t\t<div class=\"elementor-column elementor-col-100 elementor-top-column elementor-element elementor-element-4ffdc75f\" data-id=\"4ffdc75f\" data-element_type=\"column\" data-e-type=\"column\">\n\t\t\t<div class=\"elementor-widget-wrap elementor-element-populated\">\n\t\t\t\t\t\t<div class=\"elementor-element elementor-element-31b1b97f elementor-align-center elementor-widget__width-auto elementor-widget elementor-widget-button\" data-id=\"31b1b97f\" data-element_type=\"widget\" data-e-type=\"widget\" data-widget_type=\"button.default\">\n\t\t\t\t<div class=\"elementor-widget-container\">\n\t\t\t\t\t\t\t\t\t<div class=\"elementor-button-wrapper\">\n\t\t\t\t\t<a class=\"elementor-button elementor-button-link elementor-size-md\" href=\"https:\/\/blog.panasonic.es\/lumix\/inspiracion\/embajadores\/\">\n\t\t\t\t\t\t<span class=\"elementor-button-content-wrapper\">\n\t\t\t\t\t\t\t\t\t<span class=\"elementor-button-text\">Ver todos los embajadores<\/span>\n\t\t\t\t\t<\/span>\n\t\t\t\t\t<\/a>\n\t\t\t\t<\/div>\n\t\t\t\t\t\t\t\t<\/div>\n\t\t\t\t<\/div>\n\t\t\t\t\t<\/div>\n\t\t<\/div>\n\t\t\t\t\t<\/div>\n\t\t<\/section>\n\t\t\t\t<section class=\"elementor-section elementor-top-section elementor-element elementor-element-5cc9aff elementor-section-boxed elementor-section-height-default elementor-section-height-default\" data-id=\"5cc9aff\" data-element_type=\"section\" data-e-type=\"section\" data-settings=\"{&quot;background_background&quot;:&quot;classic&quot;}\">\n\t\t\t\t\t\t<div class=\"elementor-container elementor-column-gap-default\">\n\t\t\t\t\t<div class=\"elementor-column elementor-col-100 elementor-top-column elementor-element elementor-element-93da26d cld__overflow--hidden\" data-id=\"93da26d\" data-element_type=\"column\" data-e-type=\"column\">\n\t\t\t<div class=\"elementor-widget-wrap elementor-element-populated\">\n\t\t\t\t\t\t<div class=\"elementor-element elementor-element-340a45f elementor-widget elementor-widget-heading\" data-id=\"340a45f\" data-element_type=\"widget\" data-e-type=\"widget\" data-widget_type=\"heading.default\">\n\t\t\t\t<div class=\"elementor-widget-container\">\n\t\t\t\t\t<h2 class=\"elementor-heading-title elementor-size-default\">Las \u00faltimas historias y consejos de nuestros embajadores<\/h2>\t\t\t\t<\/div>\n\t\t\t\t<\/div>\n\t\t\t\t<div class=\"elementor-element elementor-element-5401410 elementor-grid-4 elementor-posts__hover-none cld__sliderpost elementor-grid-tablet-2 elementor-grid-mobile-1 elementor-posts--thumbnail-top elementor-widget elementor-widget-posts\" data-id=\"5401410\" data-element_type=\"widget\" data-e-type=\"widget\" id=\"cld__idpost\" data-settings=\"{&quot;cards_columns&quot;:&quot;4&quot;,&quot;cards_row_gap&quot;:{&quot;unit&quot;:&quot;px&quot;,&quot;size&quot;:20,&quot;sizes&quot;:[]},&quot;cards_columns_tablet&quot;:&quot;2&quot;,&quot;cards_columns_mobile&quot;:&quot;1&quot;,&quot;cards_row_gap_tablet_extra&quot;:{&quot;unit&quot;:&quot;px&quot;,&quot;size&quot;:&quot;&quot;,&quot;sizes&quot;:[]},&quot;cards_row_gap_tablet&quot;:{&quot;unit&quot;:&quot;px&quot;,&quot;size&quot;:&quot;&quot;,&quot;sizes&quot;:[]},&quot;cards_row_gap_mobile&quot;:{&quot;unit&quot;:&quot;px&quot;,&quot;size&quot;:&quot;&quot;,&quot;sizes&quot;:[]}}\" data-widget_type=\"posts.cards\">\n\t\t\t\t<div class=\"elementor-widget-container\">\n\t\t\t\t\t\t\t<div class=\"elementor-posts-container elementor-posts elementor-posts--skin-cards elementor-grid\" role=\"list\">\n\t\t\t\t<article class=\"elementor-post elementor-grid-item post-33504 post type-post status-publish format-standard has-post-thumbnail hentry category-blog tag-andres-magai-seibt tag-fotografia-y-video-de-naturaleza tag-post-de-embajador\" role=\"listitem\">\n\t\t\t<div class=\"elementor-post__card\">\n\t\t\t\t<a class=\"elementor-post__thumbnail__link\" href=\"https:\/\/blog.panasonic.es\/lumix\/fotografiar-la-primavera\/\" tabindex=\"-1\" ><div class=\"elementor-post__thumbnail\"><img loading=\"lazy\" decoding=\"async\" width=\"300\" height=\"300\" src=\"https:\/\/blog.panasonic.es\/lumix\/wp-content\/uploads\/2023\/05\/Primavera_Lumix_15-300x300.jpg\" class=\"attachment-thumbnail size-thumbnail wp-image-33520\" alt=\"El campo de amapolas es uno de los motivos m\u00e1s agradecidos en primavera - Andr\u00e9s Magai\" \/><\/div><\/a>\n\t\t\t\t<div class=\"elementor-post__text\">\n\t\t\t\t<h3 class=\"elementor-post__title\">\n\t\t\t<a href=\"https:\/\/blog.panasonic.es\/lumix\/fotografiar-la-primavera\/\" >\n\t\t\t\tFotografiando la primavera\t\t\t<\/a>\n\t\t<\/h3>\n\t\t\n\t\t<a class=\"elementor-post__read-more\" href=\"https:\/\/blog.panasonic.es\/lumix\/fotografiar-la-primavera\/\" aria-label=\"M\u00e1s informaci\u00f3n sobre Fotografiando la primavera\" tabindex=\"-1\" >\n\t\t\tLeer m\u00e1s\t\t<\/a>\n\n\t\t\t\t<\/div>\n\t\t\t\t<div class=\"elementor-post__meta-data\">\n\t\t\t\t\t<span class=\"elementor-post-date\">\n\t\t\t3 de mayo de 2023\t\t<\/span>\n\t\t\t\t<\/div>\n\t\t\t\t\t<\/div>\n\t\t<\/article>\n\t\t\t\t<article class=\"elementor-post elementor-grid-item post-32428 post type-post status-publish format-standard has-post-thumbnail hentry category-blog tag-fotografia-y-video-de-accion-deportes tag-fotografia-y-video-de-vacaciones-y-viajes tag-post-de-embajador\" role=\"listitem\">\n\t\t\t<div class=\"elementor-post__card\">\n\t\t\t\t<a class=\"elementor-post__thumbnail__link\" href=\"https:\/\/blog.panasonic.es\/lumix\/embajadores-lumix-por-el-mundo\/\" tabindex=\"-1\" ><div class=\"elementor-post__thumbnail\"><img loading=\"lazy\" decoding=\"async\" width=\"300\" height=\"300\" src=\"https:\/\/blog.panasonic.es\/lumix\/wp-content\/uploads\/2022\/09\/Faro-Web-300x300.jpg\" class=\"attachment-thumbnail size-thumbnail wp-image-32429\" alt=\"\" \/><\/div><\/a>\n\t\t\t\t<div class=\"elementor-post__text\">\n\t\t\t\t<h3 class=\"elementor-post__title\">\n\t\t\t<a href=\"https:\/\/blog.panasonic.es\/lumix\/embajadores-lumix-por-el-mundo\/\" >\n\t\t\t\tEmbajadores Lumix por el mundo\t\t\t<\/a>\n\t\t<\/h3>\n\t\t\n\t\t<a class=\"elementor-post__read-more\" href=\"https:\/\/blog.panasonic.es\/lumix\/embajadores-lumix-por-el-mundo\/\" aria-label=\"M\u00e1s informaci\u00f3n sobre Embajadores Lumix por el mundo\" tabindex=\"-1\" >\n\t\t\tLeer m\u00e1s\t\t<\/a>\n\n\t\t\t\t<\/div>\n\t\t\t\t<div class=\"elementor-post__meta-data\">\n\t\t\t\t\t<span class=\"elementor-post-date\">\n\t\t\t10 de octubre de 2022\t\t<\/span>\n\t\t\t\t<\/div>\n\t\t\t\t\t<\/div>\n\t\t<\/article>\n\t\t\t\t<article class=\"elementor-post elementor-grid-item post-32442 post type-post status-publish format-standard has-post-thumbnail hentry category-blog tag-fotografia-y-video-de-vacaciones-y-viajes tag-post-de-embajador\" role=\"listitem\">\n\t\t\t<div class=\"elementor-post__card\">\n\t\t\t\t<a class=\"elementor-post__thumbnail__link\" href=\"https:\/\/blog.panasonic.es\/lumix\/seis-fotos-para-un-verano\/\" tabindex=\"-1\" ><div class=\"elementor-post__thumbnail\"><img loading=\"lazy\" decoding=\"async\" width=\"300\" height=\"300\" src=\"https:\/\/blog.panasonic.es\/lumix\/wp-content\/uploads\/2022\/09\/regreso-300x300.jpg\" class=\"attachment-thumbnail size-thumbnail wp-image-32451\" alt=\"regreso - Luis Miguel L\u00f3pez Soriano\" \/><\/div><\/a>\n\t\t\t\t<div class=\"elementor-post__text\">\n\t\t\t\t<h3 class=\"elementor-post__title\">\n\t\t\t<a href=\"https:\/\/blog.panasonic.es\/lumix\/seis-fotos-para-un-verano\/\" >\n\t\t\t\tSeis fotos para un verano\t\t\t<\/a>\n\t\t<\/h3>\n\t\t\n\t\t<a class=\"elementor-post__read-more\" href=\"https:\/\/blog.panasonic.es\/lumix\/seis-fotos-para-un-verano\/\" aria-label=\"M\u00e1s informaci\u00f3n sobre Seis fotos para un verano\" tabindex=\"-1\" >\n\t\t\tLeer m\u00e1s\t\t<\/a>\n\n\t\t\t\t<\/div>\n\t\t\t\t<div class=\"elementor-post__meta-data\">\n\t\t\t\t\t<span class=\"elementor-post-date\">\n\t\t\t7 de octubre de 2022\t\t<\/span>\n\t\t\t\t<\/div>\n\t\t\t\t\t<\/div>\n\t\t<\/article>\n\t\t\t\t<article class=\"elementor-post elementor-grid-item post-32144 post type-post status-publish format-standard has-post-thumbnail hentry category-blog tag-andres-magai-seibt tag-fotografia-y-video-de-naturaleza tag-post-de-embajador\" role=\"listitem\">\n\t\t\t<div class=\"elementor-post__card\">\n\t\t\t\t<a class=\"elementor-post__thumbnail__link\" href=\"https:\/\/blog.panasonic.es\/lumix\/nocturneando-con-la-lumix-s5-fotografia-nocturna\/\" tabindex=\"-1\" ><div class=\"elementor-post__thumbnail\"><img loading=\"lazy\" decoding=\"async\" width=\"300\" height=\"300\" src=\"https:\/\/blog.panasonic.es\/lumix\/wp-content\/uploads\/2022\/07\/4-La-dehesa-con-luna-300x300.jpg\" class=\"attachment-thumbnail size-thumbnail wp-image-32150\" alt=\"Andr\u00e9s Magai La dehesa con luna - fotograf\u00eda nocturna\" \/><\/div><\/a>\n\t\t\t\t<div class=\"elementor-post__text\">\n\t\t\t\t<h3 class=\"elementor-post__title\">\n\t\t\t<a href=\"https:\/\/blog.panasonic.es\/lumix\/nocturneando-con-la-lumix-s5-fotografia-nocturna\/\" >\n\t\t\t\tNocturneando con la Lumix S5\t\t\t<\/a>\n\t\t<\/h3>\n\t\t\n\t\t<a class=\"elementor-post__read-more\" href=\"https:\/\/blog.panasonic.es\/lumix\/nocturneando-con-la-lumix-s5-fotografia-nocturna\/\" aria-label=\"M\u00e1s informaci\u00f3n sobre Nocturneando con la Lumix S5\" tabindex=\"-1\" >\n\t\t\tLeer m\u00e1s\t\t<\/a>\n\n\t\t\t\t<\/div>\n\t\t\t\t<div class=\"elementor-post__meta-data\">\n\t\t\t\t\t<span class=\"elementor-post-date\">\n\t\t\t11 de julio de 2022\t\t<\/span>\n\t\t\t\t<\/div>\n\t\t\t\t\t<\/div>\n\t\t<\/article>\n\t\t\t\t<article class=\"elementor-post elementor-grid-item post-31871 post type-post status-publish format-standard has-post-thumbnail hentry category-blog tag-fotografia-y-video-de-vacaciones-y-viajes tag-luis-miguel-lopez-soriano tag-post-de-embajador\" role=\"listitem\">\n\t\t\t<div class=\"elementor-post__card\">\n\t\t\t\t<a class=\"elementor-post__thumbnail__link\" href=\"https:\/\/blog.panasonic.es\/lumix\/tesoros-de-persia-un-viaje-a-traves-de-las-maravillas-de-iran\/\" tabindex=\"-1\" ><div class=\"elementor-post__thumbnail\"><img loading=\"lazy\" decoding=\"async\" width=\"300\" height=\"300\" src=\"https:\/\/blog.panasonic.es\/lumix\/wp-content\/uploads\/2022\/05\/YAZD_TORRES_DEL-SILENCIO-300x300.jpg\" class=\"attachment-thumbnail size-thumbnail wp-image-31949\" alt=\"Luis Miguel L\u00f3pez Soriano AZD TORRES DEL SILENCIO\" \/><\/div><\/a>\n\t\t\t\t<div class=\"elementor-post__text\">\n\t\t\t\t<h3 class=\"elementor-post__title\">\n\t\t\t<a href=\"https:\/\/blog.panasonic.es\/lumix\/tesoros-de-persia-un-viaje-a-traves-de-las-maravillas-de-iran\/\" >\n\t\t\t\tTESOROS DE PERSIA\u00a0&#8211; Un viaje a trav\u00e9s de las maravillas de Ir\u00e1n\u00a0\t\t\t<\/a>\n\t\t<\/h3>\n\t\t\n\t\t<a class=\"elementor-post__read-more\" href=\"https:\/\/blog.panasonic.es\/lumix\/tesoros-de-persia-un-viaje-a-traves-de-las-maravillas-de-iran\/\" aria-label=\"M\u00e1s informaci\u00f3n sobre TESOROS DE PERSIA\u00a0&#8211; Un viaje a trav\u00e9s de las maravillas de Ir\u00e1n\u00a0\" tabindex=\"-1\" >\n\t\t\tLeer m\u00e1s\t\t<\/a>\n\n\t\t\t\t<\/div>\n\t\t\t\t<div class=\"elementor-post__meta-data\">\n\t\t\t\t\t<span class=\"elementor-post-date\">\n\t\t\t2 de mayo de 2022\t\t<\/span>\n\t\t\t\t<\/div>\n\t\t\t\t\t<\/div>\n\t\t<\/article>\n\t\t\t\t<article class=\"elementor-post elementor-grid-item post-31486 post type-post status-publish format-standard has-post-thumbnail hentry category-blog tag-fotografia-y-video-de-vacaciones-y-viajes tag-gh6 tag-post-de-embajador\" role=\"listitem\">\n\t\t\t<div class=\"elementor-post__card\">\n\t\t\t\t<a class=\"elementor-post__thumbnail__link\" href=\"https:\/\/blog.panasonic.es\/lumix\/ayika-el-documental\/\" tabindex=\"-1\" ><div class=\"elementor-post__thumbnail\"><img loading=\"lazy\" decoding=\"async\" width=\"300\" height=\"300\" src=\"https:\/\/blog.panasonic.es\/lumix\/wp-content\/uploads\/2022\/03\/AIKA-300x300.jpg\" class=\"attachment-thumbnail size-thumbnail wp-image-31514\" alt=\"Aner Etxebarria - Lumix GH6 - Ayika\" \/><\/div><\/a>\n\t\t\t\t<div class=\"elementor-post__text\">\n\t\t\t\t<h3 class=\"elementor-post__title\">\n\t\t\t<a href=\"https:\/\/blog.panasonic.es\/lumix\/ayika-el-documental\/\" >\n\t\t\t\tAYIKA &#8211; el documental\t\t\t<\/a>\n\t\t<\/h3>\n\t\t\n\t\t<a class=\"elementor-post__read-more\" href=\"https:\/\/blog.panasonic.es\/lumix\/ayika-el-documental\/\" aria-label=\"M\u00e1s informaci\u00f3n sobre AYIKA &#8211; el documental\" tabindex=\"-1\" >\n\t\t\tLeer m\u00e1s\t\t<\/a>\n\n\t\t\t\t<\/div>\n\t\t\t\t<div class=\"elementor-post__meta-data\">\n\t\t\t\t\t<span class=\"elementor-post-date\">\n\t\t\t15 de marzo de 2022\t\t<\/span>\n\t\t\t\t<\/div>\n\t\t\t\t\t<\/div>\n\t\t<\/article>\n\t\t\t\t<article class=\"elementor-post elementor-grid-item post-31303 post type-post status-publish format-standard has-post-thumbnail hentry category-blog tag-aner-etxebarria-moral tag-fotografia-y-video-de-vacaciones-y-viajes tag-gh6 tag-post-de-embajador\" role=\"listitem\">\n\t\t\t<div class=\"elementor-post__card\">\n\t\t\t\t<a class=\"elementor-post__thumbnail__link\" href=\"https:\/\/blog.panasonic.es\/lumix\/aika\/\" tabindex=\"-1\" ><div class=\"elementor-post__thumbnail\"><img loading=\"lazy\" decoding=\"async\" width=\"300\" height=\"300\" src=\"https:\/\/blog.panasonic.es\/lumix\/wp-content\/uploads\/2022\/02\/GH6_18-scaled-copia-300x300.jpg\" class=\"attachment-thumbnail size-thumbnail wp-image-31367\" alt=\"Aner Etxebarria - Aika - Lumix GH6\" \/><\/div><\/a>\n\t\t\t\t<div class=\"elementor-post__text\">\n\t\t\t\t<h3 class=\"elementor-post__title\">\n\t\t\t<a href=\"https:\/\/blog.panasonic.es\/lumix\/aika\/\" >\n\t\t\t\tAYIKA &#8211; Making of\t\t\t<\/a>\n\t\t<\/h3>\n\t\t\n\t\t<a class=\"elementor-post__read-more\" href=\"https:\/\/blog.panasonic.es\/lumix\/aika\/\" aria-label=\"M\u00e1s informaci\u00f3n sobre AYIKA &#8211; Making of\" tabindex=\"-1\" >\n\t\t\tLeer m\u00e1s\t\t<\/a>\n\n\t\t\t\t<\/div>\n\t\t\t\t<div class=\"elementor-post__meta-data\">\n\t\t\t\t\t<span class=\"elementor-post-date\">\n\t\t\t22 de febrero de 2022\t\t<\/span>\n\t\t\t\t<\/div>\n\t\t\t\t\t<\/div>\n\t\t<\/article>\n\t\t\t\t<article class=\"elementor-post elementor-grid-item post-30996 post type-post status-publish format-standard has-post-thumbnail hentry category-blog tag-fotografia-y-video-de-vacaciones-y-viajes tag-luis-miguel-lopez-soriano tag-post-de-embajador\" role=\"listitem\">\n\t\t\t<div class=\"elementor-post__card\">\n\t\t\t\t<a class=\"elementor-post__thumbnail__link\" href=\"https:\/\/blog.panasonic.es\/lumix\/la-antartida-un-paisaje-de-luz-eterna\/\" tabindex=\"-1\" ><div class=\"elementor-post__thumbnail\"><img loading=\"lazy\" decoding=\"async\" width=\"300\" height=\"300\" src=\"https:\/\/blog.panasonic.es\/lumix\/wp-content\/uploads\/2022\/02\/LUCES-1-300x300.jpg\" class=\"attachment-thumbnail size-thumbnail wp-image-31226\" alt=\"LUCES Luis Miguel L\u00f3pez Soriano\" \/><\/div><\/a>\n\t\t\t\t<div class=\"elementor-post__text\">\n\t\t\t\t<h3 class=\"elementor-post__title\">\n\t\t\t<a href=\"https:\/\/blog.panasonic.es\/lumix\/la-antartida-un-paisaje-de-luz-eterna\/\" >\n\t\t\t\tLa Ant\u00e1rtida. Un paisaje de luz eterna\t\t\t<\/a>\n\t\t<\/h3>\n\t\t\n\t\t<a class=\"elementor-post__read-more\" href=\"https:\/\/blog.panasonic.es\/lumix\/la-antartida-un-paisaje-de-luz-eterna\/\" aria-label=\"M\u00e1s informaci\u00f3n sobre La Ant\u00e1rtida. Un paisaje de luz eterna\" tabindex=\"-1\" >\n\t\t\tLeer m\u00e1s\t\t<\/a>\n\n\t\t\t\t<\/div>\n\t\t\t\t<div class=\"elementor-post__meta-data\">\n\t\t\t\t\t<span class=\"elementor-post-date\">\n\t\t\t16 de febrero de 2022\t\t<\/span>\n\t\t\t\t<\/div>\n\t\t\t\t\t<\/div>\n\t\t<\/article>\n\t\t\t\t<article class=\"elementor-post elementor-grid-item post-29889 post type-post status-publish format-standard has-post-thumbnail hentry category-blog tag-fotografia-y-video-de-accion-deportes tag-fotografia-y-video-de-lifestyle tag-fotografia-y-video-de-naturaleza tag-fotografos-exigentes tag-post-de-embajador\" role=\"listitem\">\n\t\t\t<div class=\"elementor-post__card\">\n\t\t\t\t<a class=\"elementor-post__thumbnail__link\" href=\"https:\/\/blog.panasonic.es\/lumix\/creatividad-infinita-con-las-posibilidades-de-grabacion-de-la-lumix-gh5m2\/\" tabindex=\"-1\" ><div class=\"elementor-post__thumbnail\"><img loading=\"lazy\" decoding=\"async\" width=\"300\" height=\"300\" src=\"https:\/\/blog.panasonic.es\/lumix\/wp-content\/uploads\/2022\/01\/grabacion-300x300.jpg\" class=\"attachment-thumbnail size-thumbnail wp-image-29893\" alt=\"\" \/><\/div><\/a>\n\t\t\t\t<div class=\"elementor-post__text\">\n\t\t\t\t<h3 class=\"elementor-post__title\">\n\t\t\t<a href=\"https:\/\/blog.panasonic.es\/lumix\/creatividad-infinita-con-las-posibilidades-de-grabacion-de-la-lumix-gh5m2\/\" >\n\t\t\t\tCreatividad infinita con las posibilidades de grabaci\u00f3n de la LUMIX GH5M2\t\t\t<\/a>\n\t\t<\/h3>\n\t\t\n\t\t<a class=\"elementor-post__read-more\" href=\"https:\/\/blog.panasonic.es\/lumix\/creatividad-infinita-con-las-posibilidades-de-grabacion-de-la-lumix-gh5m2\/\" aria-label=\"M\u00e1s informaci\u00f3n sobre Creatividad infinita con las posibilidades de grabaci\u00f3n de la LUMIX GH5M2\" tabindex=\"-1\" >\n\t\t\tLeer m\u00e1s\t\t<\/a>\n\n\t\t\t\t<\/div>\n\t\t\t\t<div class=\"elementor-post__meta-data\">\n\t\t\t\t\t<span class=\"elementor-post-date\">\n\t\t\t16 de enero de 2022\t\t<\/span>\n\t\t\t\t<\/div>\n\t\t\t\t\t<\/div>\n\t\t<\/article>\n\t\t\t\t<article class=\"elementor-post elementor-grid-item post-29303 post type-post status-publish format-standard has-post-thumbnail hentry category-blog tag-novedades-de-producto tag-pedro-alvera tag-post-de-embajador\" role=\"listitem\">\n\t\t\t<div class=\"elementor-post__card\">\n\t\t\t\t<a class=\"elementor-post__thumbnail__link\" href=\"https:\/\/blog.panasonic.es\/lumix\/los-accesorios-imprescindibles-lumix-para-la-grabacion-de-video\/\" tabindex=\"-1\" ><div class=\"elementor-post__thumbnail\"><img loading=\"lazy\" decoding=\"async\" width=\"300\" height=\"300\" src=\"https:\/\/blog.panasonic.es\/lumix\/wp-content\/uploads\/2022\/01\/accesorios_gh5m2-300x300.jpg\" class=\"attachment-thumbnail size-thumbnail wp-image-29878\" alt=\"\" \/><\/div><\/a>\n\t\t\t\t<div class=\"elementor-post__text\">\n\t\t\t\t<h3 class=\"elementor-post__title\">\n\t\t\t<a href=\"https:\/\/blog.panasonic.es\/lumix\/los-accesorios-imprescindibles-lumix-para-la-grabacion-de-video\/\" >\n\t\t\t\tLos accesorios imprescindibles LUMIX para la grabaci\u00f3n de v\u00eddeo\t\t\t<\/a>\n\t\t<\/h3>\n\t\t\n\t\t<a class=\"elementor-post__read-more\" href=\"https:\/\/blog.panasonic.es\/lumix\/los-accesorios-imprescindibles-lumix-para-la-grabacion-de-video\/\" aria-label=\"M\u00e1s informaci\u00f3n sobre Los accesorios imprescindibles LUMIX para la grabaci\u00f3n de v\u00eddeo\" tabindex=\"-1\" >\n\t\t\tLeer m\u00e1s\t\t<\/a>\n\n\t\t\t\t<\/div>\n\t\t\t\t<div class=\"elementor-post__meta-data\">\n\t\t\t\t\t<span class=\"elementor-post-date\">\n\t\t\t10 de enero de 2022\t\t<\/span>\n\t\t\t\t<\/div>\n\t\t\t\t\t<\/div>\n\t\t<\/article>\n\t\t\t\t<article class=\"elementor-post elementor-grid-item post-29140 post type-post status-publish format-standard has-post-thumbnail hentry category-blog tag-andres-magai-seibt tag-post-de-embajador\" role=\"listitem\">\n\t\t\t<div class=\"elementor-post__card\">\n\t\t\t\t<a class=\"elementor-post__thumbnail__link\" href=\"https:\/\/blog.panasonic.es\/lumix\/fotografiando-el-volcan-de-cumbre-vieja\/\" tabindex=\"-1\" ><div class=\"elementor-post__thumbnail\"><img loading=\"lazy\" decoding=\"async\" width=\"300\" height=\"300\" src=\"https:\/\/blog.panasonic.es\/lumix\/wp-content\/uploads\/2021\/12\/Volcan_7-300x300.jpg\" class=\"attachment-thumbnail size-thumbnail wp-image-29113\" alt=\"\" \/><\/div><\/a>\n\t\t\t\t<div class=\"elementor-post__text\">\n\t\t\t\t<h3 class=\"elementor-post__title\">\n\t\t\t<a href=\"https:\/\/blog.panasonic.es\/lumix\/fotografiando-el-volcan-de-cumbre-vieja\/\" >\n\t\t\t\tFotografiando el Volc\u00e1n de Cumbre Vieja\t\t\t<\/a>\n\t\t<\/h3>\n\t\t\n\t\t<a class=\"elementor-post__read-more\" href=\"https:\/\/blog.panasonic.es\/lumix\/fotografiando-el-volcan-de-cumbre-vieja\/\" aria-label=\"M\u00e1s informaci\u00f3n sobre Fotografiando el Volc\u00e1n de Cumbre Vieja\" tabindex=\"-1\" >\n\t\t\tLeer m\u00e1s\t\t<\/a>\n\n\t\t\t\t<\/div>\n\t\t\t\t<div class=\"elementor-post__meta-data\">\n\t\t\t\t\t<span class=\"elementor-post-date\">\n\t\t\t14 de diciembre de 2021\t\t<\/span>\n\t\t\t\t<\/div>\n\t\t\t\t\t<\/div>\n\t\t<\/article>\n\t\t\t\t<article class=\"elementor-post elementor-grid-item post-501 post type-post status-publish format-standard has-post-thumbnail hentry category-blog category-sistemas-lumix-g category-sistemas-lumix-s tag-fotografia-y-video-de-naturaleza tag-fotografia-y-video-de-vacaciones-y-viajes tag-post-de-embajador\" role=\"listitem\">\n\t\t\t<div class=\"elementor-post__card\">\n\t\t\t\t<a class=\"elementor-post__thumbnail__link\" href=\"https:\/\/blog.panasonic.es\/lumix\/llevamos-la-fotografia-al-extremo-en-la-nueva-edicion-del-concurso-reto-lumix-2021\/\" tabindex=\"-1\" ><div class=\"elementor-post__thumbnail\"><img loading=\"lazy\" decoding=\"async\" width=\"300\" height=\"300\" src=\"https:\/\/blog.panasonic.es\/lumix\/wp-content\/uploads\/2021\/10\/reto-lumix-2021-300x300.jpeg\" class=\"attachment-thumbnail size-thumbnail wp-image-503\" alt=\"Reto LUMIX 2021\" \/><\/div><\/a>\n\t\t\t\t<div class=\"elementor-post__text\">\n\t\t\t\t<h3 class=\"elementor-post__title\">\n\t\t\t<a href=\"https:\/\/blog.panasonic.es\/lumix\/llevamos-la-fotografia-al-extremo-en-la-nueva-edicion-del-concurso-reto-lumix-2021\/\" >\n\t\t\t\tLlevamos la fotograf\u00eda al extremo en la nueva edici\u00f3n del concurso Reto Lumix 2021\t\t\t<\/a>\n\t\t<\/h3>\n\t\t\n\t\t<a class=\"elementor-post__read-more\" href=\"https:\/\/blog.panasonic.es\/lumix\/llevamos-la-fotografia-al-extremo-en-la-nueva-edicion-del-concurso-reto-lumix-2021\/\" aria-label=\"M\u00e1s informaci\u00f3n sobre Llevamos la fotograf\u00eda al extremo en la nueva edici\u00f3n del concurso Reto Lumix 2021\" tabindex=\"-1\" >\n\t\t\tLeer m\u00e1s\t\t<\/a>\n\n\t\t\t\t<\/div>\n\t\t\t\t<div class=\"elementor-post__meta-data\">\n\t\t\t\t\t<span class=\"elementor-post-date\">\n\t\t\t1 de octubre de 2021\t\t<\/span>\n\t\t\t\t<\/div>\n\t\t\t\t\t<\/div>\n\t\t<\/article>\n\t\t\t\t<\/div>\n\t\t\n\t\t\t\t\t\t<\/div>\n\t\t\t\t<\/div>\n\t\t\t\t\t<\/div>\n\t\t<\/div>\n\t\t\t\t\t<\/div>\n\t\t<\/section>\n\t\t\t\t<section class=\"elementor-section elementor-top-section elementor-element elementor-element-5a881e1 elementor-section-boxed elementor-section-height-default elementor-section-height-default\" data-id=\"5a881e1\" data-element_type=\"section\" data-e-type=\"section\" data-settings=\"{&quot;background_background&quot;:&quot;classic&quot;}\">\n\t\t\t\t\t\t<div class=\"elementor-container elementor-column-gap-default\">\n\t\t\t\t\t<div class=\"elementor-column elementor-col-100 elementor-top-column elementor-element elementor-element-e86103a\" data-id=\"e86103a\" data-element_type=\"column\" data-e-type=\"column\">\n\t\t\t<div class=\"elementor-widget-wrap elementor-element-populated\">\n\t\t\t\t\t\t<div class=\"elementor-element elementor-element-99e1625 elementor-align-center elementor-widget__width-auto elementor-widget elementor-widget-button\" data-id=\"99e1625\" data-element_type=\"widget\" data-e-type=\"widget\" id=\"cld__loadmore\" data-widget_type=\"button.default\">\n\t\t\t\t<div class=\"elementor-widget-container\">\n\t\t\t\t\t\t\t\t\t<div class=\"elementor-button-wrapper\">\n\t\t\t\t\t<a class=\"elementor-button elementor-button-link elementor-size-md\" href=\"https:\/\/blog.panasonic.es\/lumix\/blog\/\">\n\t\t\t\t\t\t<span class=\"elementor-button-content-wrapper\">\n\t\t\t\t\t\t\t\t\t<span class=\"elementor-button-text\">Cargar m\u00e1s art\u00edculos<\/span>\n\t\t\t\t\t<\/span>\n\t\t\t\t\t<\/a>\n\t\t\t\t<\/div>\n\t\t\t\t\t\t\t\t<\/div>\n\t\t\t\t<\/div>\n\t\t\t\t\t<\/div>\n\t\t<\/div>\n\t\t\t\t\t<\/div>\n\t\t<\/section>\n\t\t\t\t<section class=\"elementor-section elementor-top-section elementor-element elementor-element-98f20c7 elementor-section-boxed elementor-section-height-default elementor-section-height-default\" data-id=\"98f20c7\" data-element_type=\"section\" data-e-type=\"section\" data-settings=\"{&quot;background_background&quot;:&quot;classic&quot;}\">\n\t\t\t\t\t\t<div class=\"elementor-container elementor-column-gap-default\">\n\t\t\t\t\t<div class=\"elementor-column elementor-col-100 elementor-top-column elementor-element elementor-element-174b770\" data-id=\"174b770\" data-element_type=\"column\" data-e-type=\"column\">\n\t\t\t<div class=\"elementor-widget-wrap elementor-element-populated\">\n\t\t\t\t\t\t<div class=\"elementor-element elementor-element-fe0668e elementor-widget elementor-widget-heading\" data-id=\"fe0668e\" data-element_type=\"widget\" data-e-type=\"widget\" data-widget_type=\"heading.default\">\n\t\t\t\t<div class=\"elementor-widget-container\">\n\t\t\t\t\t<h2 class=\"elementor-heading-title elementor-size-default\">Inspiraci\u00f3n por tem\u00e1ticas<\/h2>\t\t\t\t<\/div>\n\t\t\t\t<\/div>\n\t\t\t\t\t<\/div>\n\t\t<\/div>\n\t\t\t\t\t<\/div>\n\t\t<\/section>\n\t\t\t\t<section class=\"elementor-section elementor-top-section elementor-element elementor-element-6672d0e elementor-section-boxed elementor-section-height-default elementor-section-height-default\" data-id=\"6672d0e\" data-element_type=\"section\" data-e-type=\"section\">\n\t\t\t\t\t\t<div class=\"elementor-container elementor-column-gap-default\">\n\t\t\t\t\t<div class=\"elementor-column elementor-col-100 elementor-top-column elementor-element elementor-element-f59bd0f cld__gallery-card\" data-id=\"f59bd0f\" data-element_type=\"column\" data-e-type=\"column\">\n\t\t\t<div class=\"elementor-widget-wrap elementor-element-populated\">\n\t\t\t\t\t\t<div class=\"elementor-element elementor-element-1f315eb elementor-widget__width-auto elementor-widget elementor-widget-gallery-card\" data-id=\"1f315eb\" data-element_type=\"widget\" data-e-type=\"widget\" data-widget_type=\"gallery-card.default\">\n\t\t\t\t<div class=\"elementor-widget-container\">\n\t\t\t\t\t<article class=\"cld__gallery-card__onecolumn\">\n  <a href=\"https:\/\/blog.panasonic.es\/lumix\/fotografia-y-video-de-vacaciones-y-viajes\/\"><\/a>\n  <img decoding=\"async\" src=\"https:\/\/blog.panasonic.es\/lumix\/wp-content\/uploads\/2021\/10\/1055531-2-400x600.jpg\">\n  <div class=\"cld__gallery-card__overlay\" >\n    <h3 class=\"cld__gallery-card__title\">Fotograf\u00eda y v\u00eddeo de vacaciones y viajes<\/h3>\n    <div class=\"cld__gallery-card__body\">\n      <p class=\"cld__gallery-card__text\"><\/p>\n      <a class=\"cld__gallery-card__btn\" href=\"https:\/\/blog.panasonic.es\/lumix\/fotografia-y-video-de-vacaciones-y-viajes\/\">Todos los art\u00edculos<\/a>\n    <\/div>\n  <\/div>\n<\/article>\t\t\t\t<\/div>\n\t\t\t\t<\/div>\n\t\t\t\t<div class=\"elementor-element elementor-element-11f16e9 elementor-widget__width-auto elementor-widget elementor-widget-gallery-card\" data-id=\"11f16e9\" data-element_type=\"widget\" data-e-type=\"widget\" data-widget_type=\"gallery-card.default\">\n\t\t\t\t<div class=\"elementor-widget-container\">\n\t\t\t\t\t<article class=\"cld__gallery-card__onecolumn\">\n  <a href=\"https:\/\/blog.panasonic.es\/lumix\/fotografia-y-video-de-accion-deportes\/\"><\/a>\n  <img decoding=\"async\" src=\"https:\/\/blog.panasonic.es\/lumix\/wp-content\/uploads\/2021\/11\/deporte-600x600.jpg\">\n  <div class=\"cld__gallery-card__overlay\" >\n    <h3 class=\"cld__gallery-card__title\">Fotograf\u00eda y v\u00eddeo de acci\u00f3n \/ deportes<\/h3>\n    <div class=\"cld__gallery-card__body\">\n      <p class=\"cld__gallery-card__text\"><\/p>\n      <a class=\"cld__gallery-card__btn\" href=\"https:\/\/blog.panasonic.es\/lumix\/fotografia-y-video-de-accion-deportes\/\">Todos los art\u00edculos<\/a>\n    <\/div>\n  <\/div>\n<\/article>\t\t\t\t<\/div>\n\t\t\t\t<\/div>\n\t\t\t\t<div class=\"elementor-element elementor-element-d03ffa5 elementor-widget__width-auto elementor-widget elementor-widget-gallery-card\" data-id=\"d03ffa5\" data-element_type=\"widget\" data-e-type=\"widget\" data-widget_type=\"gallery-card.default\">\n\t\t\t\t<div class=\"elementor-widget-container\">\n\t\t\t\t\t<article class=\"cld__gallery-card__onecolumn\">\n  <a href=\"https:\/\/blog.panasonic.es\/lumix\/fotografia-y-video-de-naturaleza\/\"><\/a>\n  <img decoding=\"async\" src=\"https:\/\/blog.panasonic.es\/lumix\/wp-content\/uploads\/2020\/01\/Portilla_5-768x1024.jpg\">\n  <div class=\"cld__gallery-card__overlay\" >\n    <h3 class=\"cld__gallery-card__title\">Fotograf\u00eda y v\u00eddeo de naturaleza<\/h3>\n    <div class=\"cld__gallery-card__body\">\n      <p class=\"cld__gallery-card__text\"><\/p>\n      <a class=\"cld__gallery-card__btn\" href=\"https:\/\/blog.panasonic.es\/lumix\/fotografia-y-video-de-naturaleza\/\">Todos los art\u00edculos<\/a>\n    <\/div>\n  <\/div>\n<\/article>\t\t\t\t<\/div>\n\t\t\t\t<\/div>\n\t\t\t\t<div class=\"elementor-element elementor-element-87959a5 elementor-widget__width-auto elementor-widget elementor-widget-gallery-card\" data-id=\"87959a5\" data-element_type=\"widget\" data-e-type=\"widget\" data-widget_type=\"gallery-card.default\">\n\t\t\t\t<div class=\"elementor-widget-container\">\n\t\t\t\t\t<article class=\"cld__gallery-card__onecolumn\">\n  <a href=\"https:\/\/blog.panasonic.es\/lumix\/fotografia-de-retrato-y-videobooks\/\"><\/a>\n  <img decoding=\"async\" src=\"https:\/\/blog.panasonic.es\/lumix\/wp-content\/uploads\/2021\/11\/retrato-600x600.jpg\">\n  <div class=\"cld__gallery-card__overlay\" >\n    <h3 class=\"cld__gallery-card__title\">Fotograf\u00eda de retrato y videobooks<\/h3>\n    <div class=\"cld__gallery-card__body\">\n      <p class=\"cld__gallery-card__text\"><\/p>\n      <a class=\"cld__gallery-card__btn\" href=\"https:\/\/blog.panasonic.es\/lumix\/fotografia-de-retrato-y-videobooks\/\">Todos los art\u00edculos<\/a>\n    <\/div>\n  <\/div>\n<\/article>\t\t\t\t<\/div>\n\t\t\t\t<\/div>\n\t\t\t\t<div class=\"elementor-element elementor-element-eaa2bac elementor-widget__width-auto elementor-widget elementor-widget-gallery-card\" data-id=\"eaa2bac\" data-element_type=\"widget\" data-e-type=\"widget\" data-widget_type=\"gallery-card.default\">\n\t\t\t\t<div class=\"elementor-widget-container\">\n\t\t\t\t\t<article class=\"cld__gallery-card__onecolumn\">\n  <a href=\"https:\/\/blog.panasonic.es\/lumix\/fotografia-y-video-de-lifestyle\/\"><\/a>\n  <img decoding=\"async\" src=\"https:\/\/blog.panasonic.es\/lumix\/wp-content\/uploads\/2021\/09\/lumix-serie-s.png\">\n  <div class=\"cld__gallery-card__overlay\" >\n    <h3 class=\"cld__gallery-card__title\">Fotograf\u00eda y v\u00eddeo de lifestyle<\/h3>\n    <div class=\"cld__gallery-card__body\">\n      <p class=\"cld__gallery-card__text\"><\/p>\n      <a class=\"cld__gallery-card__btn\" href=\"https:\/\/blog.panasonic.es\/lumix\/fotografia-y-video-de-lifestyle\/\">Todos los art\u00edculos<\/a>\n    <\/div>\n  <\/div>\n<\/article>\t\t\t\t<\/div>\n\t\t\t\t<\/div>\n\t\t\t\t<div class=\"elementor-element elementor-element-18c59f1 elementor-widget__width-auto elementor-widget elementor-widget-gallery-card\" data-id=\"18c59f1\" data-element_type=\"widget\" data-e-type=\"widget\" data-widget_type=\"gallery-card.default\">\n\t\t\t\t<div class=\"elementor-widget-container\">\n\t\t\t\t\t<article class=\"cld__gallery-card__onecolumn\">\n  <a href=\"https:\/\/blog.panasonic.es\/lumix\/novedades-de-producto\/\"><\/a>\n  <img decoding=\"async\" src=\"https:\/\/blog.panasonic.es\/lumix\/wp-content\/uploads\/2021\/11\/New-LUMIX-GH5M2-600x600.jpg\">\n  <div class=\"cld__gallery-card__overlay\" >\n    <h3 class=\"cld__gallery-card__title\">Novedades de producto<\/h3>\n    <div class=\"cld__gallery-card__body\">\n      <p class=\"cld__gallery-card__text\"><\/p>\n      <a class=\"cld__gallery-card__btn\" href=\"https:\/\/blog.panasonic.es\/lumix\/novedades-de-producto\/\">Todos los art\u00edculos<\/a>\n    <\/div>\n  <\/div>\n<\/article>\t\t\t\t<\/div>\n\t\t\t\t<\/div>\n\t\t\t\t\t<\/div>\n\t\t<\/div>\n\t\t\t\t\t<\/div>\n\t\t<\/section>\n\t\t\t\t<section class=\"elementor-section elementor-top-section elementor-element elementor-element-7b7a54c6 elementor-section-boxed elementor-section-height-default elementor-section-height-default\" data-id=\"7b7a54c6\" data-element_type=\"section\" data-e-type=\"section\" data-settings=\"{&quot;background_background&quot;:&quot;classic&quot;}\">\n\t\t\t\t\t\t<div class=\"elementor-container elementor-column-gap-default\">\n\t\t\t\t\t<div class=\"elementor-column elementor-col-100 elementor-top-column elementor-element elementor-element-699f2 cld__twocolumns\" data-id=\"699f2\" data-element_type=\"column\" data-e-type=\"column\">\n\t\t\t<div class=\"elementor-widget-wrap elementor-element-populated\">\n\t\t\t\t\t\t<div class=\"elementor-element elementor-element-70765472 elementor-widget__width-auto elementor-cta--skin-classic elementor-animated-content elementor-bg-transform elementor-bg-transform-zoom-in elementor-widget elementor-widget-call-to-action\" data-id=\"70765472\" data-element_type=\"widget\" data-e-type=\"widget\" data-widget_type=\"call-to-action.default\">\n\t\t\t\t<div class=\"elementor-widget-container\">\n\t\t\t\t\t\t\t<div class=\"elementor-cta\">\n\t\t\t\t\t\t\t<div class=\"elementor-cta__content\">\n\t\t\t\t\n\t\t\t\t\t\t\t\t\t<h3 class=\"elementor-cta__title elementor-cta__content-item elementor-content-item\">\n\t\t\t\t\t\tRegistra tu c\u00e1mara u objetivo Lumix\t\t\t\t\t<\/h3>\n\t\t\t\t\n\t\t\t\t\t\t\t\t\t<div class=\"elementor-cta__description elementor-cta__content-item elementor-content-item\">\n\t\t\t\t\t\tDisfruta de ventajas y servicios exclusivos registrando tu equipo en My Panasonic o Lumix Pro\n\t\t\t\t\t<\/div>\n\t\t\t\t\n\t\t\t\t\t\t\t\t\t<div class=\"elementor-cta__button-wrapper elementor-cta__content-item elementor-content-item \">\n\t\t\t\t\t<a class=\"elementor-cta__button elementor-button elementor-size-\" href=\"https:\/\/blog.panasonic.es\/lumix\/registra-tu-producto-lumix\/\">\n\t\t\t\t\t\tRegistra tu producto\t\t\t\t\t<\/a>\n\t\t\t\t\t<\/div>\n\t\t\t\t\t\t\t<\/div>\n\t\t\t\t\t\t<\/div>\n\t\t\t\t\t\t<\/div>\n\t\t\t\t<\/div>\n\t\t\t\t<div class=\"elementor-element elementor-element-7da6ef14 elementor-widget__width-auto elementor-cta--skin-classic elementor-animated-content elementor-bg-transform elementor-bg-transform-zoom-in elementor-widget elementor-widget-call-to-action\" data-id=\"7da6ef14\" data-element_type=\"widget\" data-e-type=\"widget\" data-widget_type=\"call-to-action.default\">\n\t\t\t\t<div class=\"elementor-widget-container\">\n\t\t\t\t\t\t\t<div class=\"elementor-cta\">\n\t\t\t\t\t\t\t<div class=\"elementor-cta__content\">\n\t\t\t\t\n\t\t\t\t\t\t\t\t\t<h3 class=\"elementor-cta__title elementor-cta__content-item elementor-content-item\">\n\t\t\t\t\t\tConsigue un 10% de descuento\t\t\t\t\t<\/h3>\n\t\t\t\t\n\t\t\t\t\t\t\t\t\t<div class=\"elementor-cta__description elementor-cta__content-item elementor-content-item\">\n\t\t\t\t\t\tSubscr\u00edbete a nuestra newsletter y recibe un descuento del 10% para tu pr\u00f3xima compra en nuestra eShop\t\t\t\t\t<\/div>\n\t\t\t\t\n\t\t\t\t\t\t\t\t\t<div class=\"elementor-cta__button-wrapper elementor-cta__content-item elementor-content-item \">\n\t\t\t\t\t<a class=\"elementor-cta__button elementor-button elementor-size-\" href=\"https:\/\/campaigns.panasonic.eu\/newsletter?lang=es_ES\" target=\"_blank\">\n\t\t\t\t\t\tQuiero suscribirme\t\t\t\t\t<\/a>\n\t\t\t\t\t<\/div>\n\t\t\t\t\t\t\t<\/div>\n\t\t\t\t\t\t<\/div>\n\t\t\t\t\t\t<\/div>\n\t\t\t\t<\/div>\n\t\t\t\t\t<\/div>\n\t\t<\/div>\n\t\t\t\t\t<\/div>\n\t\t<\/section>\n\t\t\t\t<\/div>\n\t\t","protected":false},"excerpt":{"rendered":"<p>Llena tu creatividad de inspiraci\u00f3n Descubre contenidos inspiradores Nuestros embajadores LUMIX V\u00eddeo y fotograf\u00eda con esp\u00edritu divulgativo Pedro Alvera Espa\u00f1a Pedro Alvera combina su labor<\/p>\n","protected":false},"author":1,"featured_media":0,"parent":0,"menu_order":0,"comment_status":"closed","ping_status":"closed","template":"","meta":{"_acf_changed":false,"footnotes":""},"class_list":["post-408","page","type-page","status-publish","hentry"],"acf":[],"yoast_head":"<!-- This site is optimized with the Yoast SEO plugin v27.4 - https:\/\/yoast.com\/product\/yoast-seo-wordpress\/ -->\n<title>Inspiraci\u00f3n - Lumix<\/title>\n<meta name=\"robots\" content=\"index, follow, max-snippet:-1, max-image-preview:large, max-video-preview:-1\" \/>\n<link rel=\"canonical\" href=\"https:\/\/blog.panasonic.es\/lumix\/inspiracion\/\" \/>\n<meta property=\"og:locale\" content=\"es_ES\" \/>\n<meta property=\"og:type\" content=\"article\" \/>\n<meta property=\"og:title\" content=\"Inspiraci\u00f3n - Lumix\" \/>\n<meta property=\"og:description\" content=\"Llena tu creatividad de inspiraci\u00f3n Descubre contenidos inspiradores Nuestros embajadores LUMIX V\u00eddeo y fotograf\u00eda con esp\u00edritu divulgativo Pedro Alvera Espa\u00f1a Pedro Alvera combina su labor\" \/>\n<meta property=\"og:url\" content=\"https:\/\/blog.panasonic.es\/lumix\/inspiracion\/\" \/>\n<meta property=\"og:site_name\" content=\"Lumix\" \/>\n<meta property=\"article:modified_time\" content=\"2022-01-19T14:10:31+00:00\" \/>\n<meta property=\"og:image\" content=\"https:\/\/blog.panasonic.es\/lumix\/wp-content\/uploads\/2021\/10\/1055531-2-400x600.jpg\" \/>\n<meta name=\"twitter:card\" content=\"summary_large_image\" \/>\n<script type=\"application\/ld+json\" class=\"yoast-schema-graph\">{\"@context\":\"https:\\\/\\\/schema.org\",\"@graph\":[{\"@type\":\"WebPage\",\"@id\":\"https:\\\/\\\/blog.panasonic.es\\\/lumix\\\/inspiracion\\\/\",\"url\":\"https:\\\/\\\/blog.panasonic.es\\\/lumix\\\/inspiracion\\\/\",\"name\":\"Inspiraci\u00f3n - Lumix\",\"isPartOf\":{\"@id\":\"https:\\\/\\\/blog.panasonic.es\\\/lumix\\\/#website\"},\"primaryImageOfPage\":{\"@id\":\"https:\\\/\\\/blog.panasonic.es\\\/lumix\\\/inspiracion\\\/#primaryimage\"},\"image\":{\"@id\":\"https:\\\/\\\/blog.panasonic.es\\\/lumix\\\/inspiracion\\\/#primaryimage\"},\"thumbnailUrl\":\"https:\\\/\\\/blog.panasonic.es\\\/lumix\\\/wp-content\\\/uploads\\\/2021\\\/10\\\/1055531-2-400x600.jpg\",\"datePublished\":\"2021-09-29T13:20:06+00:00\",\"dateModified\":\"2022-01-19T14:10:31+00:00\",\"breadcrumb\":{\"@id\":\"https:\\\/\\\/blog.panasonic.es\\\/lumix\\\/inspiracion\\\/#breadcrumb\"},\"inLanguage\":\"es\",\"potentialAction\":[{\"@type\":\"ReadAction\",\"target\":[\"https:\\\/\\\/blog.panasonic.es\\\/lumix\\\/inspiracion\\\/\"]}]},{\"@type\":\"ImageObject\",\"inLanguage\":\"es\",\"@id\":\"https:\\\/\\\/blog.panasonic.es\\\/lumix\\\/inspiracion\\\/#primaryimage\",\"url\":\"https:\\\/\\\/blog.panasonic.es\\\/lumix\\\/wp-content\\\/uploads\\\/2021\\\/10\\\/1055531-2-scaled.jpg\",\"contentUrl\":\"https:\\\/\\\/blog.panasonic.es\\\/lumix\\\/wp-content\\\/uploads\\\/2021\\\/10\\\/1055531-2-scaled.jpg\",\"width\":1706,\"height\":2560,\"caption\":\"Pedro Alvera\"},{\"@type\":\"BreadcrumbList\",\"@id\":\"https:\\\/\\\/blog.panasonic.es\\\/lumix\\\/inspiracion\\\/#breadcrumb\",\"itemListElement\":[{\"@type\":\"ListItem\",\"position\":1,\"name\":\"Home\",\"item\":\"https:\\\/\\\/blog.panasonic.es\\\/lumix\\\/\"},{\"@type\":\"ListItem\",\"position\":2,\"name\":\"Inspiraci\u00f3n\"}]},{\"@type\":\"WebSite\",\"@id\":\"https:\\\/\\\/blog.panasonic.es\\\/lumix\\\/#website\",\"url\":\"https:\\\/\\\/blog.panasonic.es\\\/lumix\\\/\",\"name\":\"Lumix\",\"description\":\"LUMIX, Motion. Picture. Perfect\",\"publisher\":{\"@id\":\"https:\\\/\\\/blog.panasonic.es\\\/lumix\\\/#organization\"},\"potentialAction\":[{\"@type\":\"SearchAction\",\"target\":{\"@type\":\"EntryPoint\",\"urlTemplate\":\"https:\\\/\\\/blog.panasonic.es\\\/lumix\\\/?s={search_term_string}\"},\"query-input\":{\"@type\":\"PropertyValueSpecification\",\"valueRequired\":true,\"valueName\":\"search_term_string\"}}],\"inLanguage\":\"es\"},{\"@type\":\"Organization\",\"@id\":\"https:\\\/\\\/blog.panasonic.es\\\/lumix\\\/#organization\",\"name\":\"Lumix\",\"url\":\"https:\\\/\\\/blog.panasonic.es\\\/lumix\\\/\",\"logo\":{\"@type\":\"ImageObject\",\"inLanguage\":\"es\",\"@id\":\"https:\\\/\\\/blog.panasonic.es\\\/lumix\\\/#\\\/schema\\\/logo\\\/image\\\/\",\"url\":\"https:\\\/\\\/blog.panasonic.es\\\/lumix\\\/wp-content\\\/uploads\\\/2021\\\/09\\\/logo-blanco.svg\",\"contentUrl\":\"https:\\\/\\\/blog.panasonic.es\\\/lumix\\\/wp-content\\\/uploads\\\/2021\\\/09\\\/logo-blanco.svg\",\"width\":309,\"height\":38,\"caption\":\"Lumix\"},\"image\":{\"@id\":\"https:\\\/\\\/blog.panasonic.es\\\/lumix\\\/#\\\/schema\\\/logo\\\/image\\\/\"}}]}<\/script>\n<!-- \/ Yoast SEO plugin. -->","yoast_head_json":{"title":"Inspiraci\u00f3n - Lumix","robots":{"index":"index","follow":"follow","max-snippet":"max-snippet:-1","max-image-preview":"max-image-preview:large","max-video-preview":"max-video-preview:-1"},"canonical":"https:\/\/blog.panasonic.es\/lumix\/inspiracion\/","og_locale":"es_ES","og_type":"article","og_title":"Inspiraci\u00f3n - Lumix","og_description":"Llena tu creatividad de inspiraci\u00f3n Descubre contenidos inspiradores Nuestros embajadores LUMIX V\u00eddeo y fotograf\u00eda con esp\u00edritu divulgativo Pedro Alvera Espa\u00f1a Pedro Alvera combina su labor","og_url":"https:\/\/blog.panasonic.es\/lumix\/inspiracion\/","og_site_name":"Lumix","article_modified_time":"2022-01-19T14:10:31+00:00","og_image":[{"url":"https:\/\/blog.panasonic.es\/lumix\/wp-content\/uploads\/2021\/10\/1055531-2-400x600.jpg","type":"","width":"","height":""}],"twitter_card":"summary_large_image","schema":{"@context":"https:\/\/schema.org","@graph":[{"@type":"WebPage","@id":"https:\/\/blog.panasonic.es\/lumix\/inspiracion\/","url":"https:\/\/blog.panasonic.es\/lumix\/inspiracion\/","name":"Inspiraci\u00f3n - Lumix","isPartOf":{"@id":"https:\/\/blog.panasonic.es\/lumix\/#website"},"primaryImageOfPage":{"@id":"https:\/\/blog.panasonic.es\/lumix\/inspiracion\/#primaryimage"},"image":{"@id":"https:\/\/blog.panasonic.es\/lumix\/inspiracion\/#primaryimage"},"thumbnailUrl":"https:\/\/blog.panasonic.es\/lumix\/wp-content\/uploads\/2021\/10\/1055531-2-400x600.jpg","datePublished":"2021-09-29T13:20:06+00:00","dateModified":"2022-01-19T14:10:31+00:00","breadcrumb":{"@id":"https:\/\/blog.panasonic.es\/lumix\/inspiracion\/#breadcrumb"},"inLanguage":"es","potentialAction":[{"@type":"ReadAction","target":["https:\/\/blog.panasonic.es\/lumix\/inspiracion\/"]}]},{"@type":"ImageObject","inLanguage":"es","@id":"https:\/\/blog.panasonic.es\/lumix\/inspiracion\/#primaryimage","url":"https:\/\/blog.panasonic.es\/lumix\/wp-content\/uploads\/2021\/10\/1055531-2-scaled.jpg","contentUrl":"https:\/\/blog.panasonic.es\/lumix\/wp-content\/uploads\/2021\/10\/1055531-2-scaled.jpg","width":1706,"height":2560,"caption":"Pedro Alvera"},{"@type":"BreadcrumbList","@id":"https:\/\/blog.panasonic.es\/lumix\/inspiracion\/#breadcrumb","itemListElement":[{"@type":"ListItem","position":1,"name":"Home","item":"https:\/\/blog.panasonic.es\/lumix\/"},{"@type":"ListItem","position":2,"name":"Inspiraci\u00f3n"}]},{"@type":"WebSite","@id":"https:\/\/blog.panasonic.es\/lumix\/#website","url":"https:\/\/blog.panasonic.es\/lumix\/","name":"Lumix","description":"LUMIX, Motion. Picture. Perfect","publisher":{"@id":"https:\/\/blog.panasonic.es\/lumix\/#organization"},"potentialAction":[{"@type":"SearchAction","target":{"@type":"EntryPoint","urlTemplate":"https:\/\/blog.panasonic.es\/lumix\/?s={search_term_string}"},"query-input":{"@type":"PropertyValueSpecification","valueRequired":true,"valueName":"search_term_string"}}],"inLanguage":"es"},{"@type":"Organization","@id":"https:\/\/blog.panasonic.es\/lumix\/#organization","name":"Lumix","url":"https:\/\/blog.panasonic.es\/lumix\/","logo":{"@type":"ImageObject","inLanguage":"es","@id":"https:\/\/blog.panasonic.es\/lumix\/#\/schema\/logo\/image\/","url":"https:\/\/blog.panasonic.es\/lumix\/wp-content\/uploads\/2021\/09\/logo-blanco.svg","contentUrl":"https:\/\/blog.panasonic.es\/lumix\/wp-content\/uploads\/2021\/09\/logo-blanco.svg","width":309,"height":38,"caption":"Lumix"},"image":{"@id":"https:\/\/blog.panasonic.es\/lumix\/#\/schema\/logo\/image\/"}}]}},"_links":{"self":[{"href":"https:\/\/blog.panasonic.es\/lumix\/wp-json\/wp\/v2\/pages\/408","targetHints":{"allow":["GET"]}}],"collection":[{"href":"https:\/\/blog.panasonic.es\/lumix\/wp-json\/wp\/v2\/pages"}],"about":[{"href":"https:\/\/blog.panasonic.es\/lumix\/wp-json\/wp\/v2\/types\/page"}],"author":[{"embeddable":true,"href":"https:\/\/blog.panasonic.es\/lumix\/wp-json\/wp\/v2\/users\/1"}],"replies":[{"embeddable":true,"href":"https:\/\/blog.panasonic.es\/lumix\/wp-json\/wp\/v2\/comments?post=408"}],"version-history":[{"count":3,"href":"https:\/\/blog.panasonic.es\/lumix\/wp-json\/wp\/v2\/pages\/408\/revisions"}],"predecessor-version":[{"id":32242,"href":"https:\/\/blog.panasonic.es\/lumix\/wp-json\/wp\/v2\/pages\/408\/revisions\/32242"}],"wp:attachment":[{"href":"https:\/\/blog.panasonic.es\/lumix\/wp-json\/wp\/v2\/media?parent=408"}],"curies":[{"name":"wp","href":"https:\/\/api.w.org\/{rel}","templated":true}]}}